{"id":392,"date":"2022-05-20T10:37:19","date_gmt":"2022-05-20T09:37:19","guid":{"rendered":"https:\/\/mariawalsh.eu\/eolas-fumsa\/"},"modified":"2025-08-23T18:31:00","modified_gmt":"2025-08-23T17:31:00","slug":"eolas-fumsa","status":"publish","type":"page","link":"https:\/\/mariawalsh.eu\/ga\/eolas-fumsa\/","title":{"rendered":"Eolas F\u00famsa"},"content":{"rendered":"\t\t<div data-elementor-type=\"wp-page\" data-elementor-id=\"392\" class=\"elementor elementor-392 elementor-18\" data-elementor-post-type=\"page\">\n\t\t\t\t\t\t<section class=\"elementor-section elementor-top-section elementor-element elementor-element-a281365 elementor-section-full_width elementor-section-height-min-height elementor-section-items-stretch elementor-section-content-middle elementor-section-height-default\" data-id=\"a281365\" data-element_type=\"section\" data-e-type=\"section\" data-settings=\"{&quot;background_background&quot;:&quot;classic&quot;}\">\n\t\t\t\t\t\t<div class=\"elementor-container elementor-column-gap-default\">\n\t\t\t\t\t<div class=\"elementor-column elementor-col-100 elementor-top-column elementor-element elementor-element-f3a7d3a\" data-id=\"f3a7d3a\" data-element_type=\"column\" data-e-type=\"column\">\n\t\t\t<div class=\"elementor-widget-wrap elementor-element-populated\">\n\t\t\t\t\t\t<section class=\"elementor-section elementor-inner-section elementor-element elementor-element-47e8e54 elementor-section-boxed elementor-section-height-default elementor-section-height-default\" data-id=\"47e8e54\" data-element_type=\"section\" data-e-type=\"section\">\n\t\t\t\t\t\t<div class=\"elementor-container elementor-column-gap-default\">\n\t\t\t\t\t<div class=\"elementor-column elementor-col-50 elementor-inner-column elementor-element elementor-element-6aa0a30\" data-id=\"6aa0a30\" data-element_type=\"column\" data-e-type=\"column\">\n\t\t\t<div class=\"elementor-widget-wrap elementor-element-populated\">\n\t\t\t\t\t\t<div class=\"elementor-element elementor-element-10a32a0 body-menu-item elementor-widget elementor-widget-heading\" data-id=\"10a32a0\" data-element_type=\"widget\" data-e-type=\"widget\" id=\"menu-life\" data-widget_type=\"heading.default\">\n\t\t\t\t<div class=\"elementor-widget-container\">\n\t\t\t\t\t<h2 class=\"elementor-heading-title elementor-size-default\">Saol go luath<\/h2>\t\t\t\t<\/div>\n\t\t\t\t<\/div>\n\t\t\t\t<div class=\"elementor-element elementor-element-6af26ee body-menu-item elementor-widget elementor-widget-heading\" data-id=\"6af26ee\" data-element_type=\"widget\" data-e-type=\"widget\" id=\"menu-education\" data-widget_type=\"heading.default\">\n\t\t\t\t<div class=\"elementor-widget-container\">\n\t\t\t\t\t<h2 class=\"elementor-heading-title elementor-size-default\">Oideachas<\/h2>\t\t\t\t<\/div>\n\t\t\t\t<\/div>\n\t\t\t\t<div class=\"elementor-element elementor-element-bdbaf4c body-menu-item elementor-widget elementor-widget-heading\" data-id=\"bdbaf4c\" data-element_type=\"widget\" data-e-type=\"widget\" id=\"menu-equality\" data-widget_type=\"heading.default\">\n\t\t\t\t<div class=\"elementor-widget-container\">\n\t\t\t\t\t<h2 class=\"elementor-heading-title elementor-size-default\">Comhionannas<\/h2>\t\t\t\t<\/div>\n\t\t\t\t<\/div>\n\t\t\t\t<div class=\"elementor-element elementor-element-f82de14 body-menu-item elementor-widget elementor-widget-heading\" data-id=\"f82de14\" data-element_type=\"widget\" data-e-type=\"widget\" id=\"menu-ireland\" data-widget_type=\"heading.default\">\n\t\t\t\t<div class=\"elementor-widget-container\">\n\t\t\t\t\t<h2 class=\"elementor-heading-title elementor-size-default\">\u00c9ireann<\/h2>\t\t\t\t<\/div>\n\t\t\t\t<\/div>\n\t\t\t\t<div class=\"elementor-element elementor-element-d2d0ed9 body-menu-item elementor-widget elementor-widget-heading\" data-id=\"d2d0ed9\" data-element_type=\"widget\" data-e-type=\"widget\" id=\"menu-europe\" data-widget_type=\"heading.default\">\n\t\t\t\t<div class=\"elementor-widget-container\">\n\t\t\t\t\t<h2 class=\"elementor-heading-title elementor-size-default\">Eoraip<\/h2>\t\t\t\t<\/div>\n\t\t\t\t<\/div>\n\t\t\t\t\t<\/div>\n\t\t<\/div>\n\t\t\t\t<div class=\"elementor-column elementor-col-50 elementor-inner-column elementor-element elementor-element-9467d97\" data-id=\"9467d97\" data-element_type=\"column\" data-e-type=\"column\">\n\t\t\t<div class=\"elementor-widget-wrap\">\n\t\t\t\t\t\t\t<\/div>\n\t\t<\/div>\n\t\t\t\t\t<\/div>\n\t\t<\/section>\n\t\t\t\t<section class=\"elementor-section elementor-inner-section elementor-element elementor-element-1aa3fae elementor-section-height-full elementor-section-content-middle bio elementor-section-boxed elementor-section-height-default\" data-id=\"1aa3fae\" data-element_type=\"section\" data-e-type=\"section\" id=\"bio-life\" data-settings=\"{&quot;background_background&quot;:&quot;classic&quot;}\">\n\t\t\t\t\t\t<div class=\"elementor-container elementor-column-gap-default\">\n\t\t\t\t\t<div class=\"elementor-column elementor-col-50 elementor-inner-column elementor-element elementor-element-ffbb99b\" data-id=\"ffbb99b\" data-element_type=\"column\" data-e-type=\"column\">\n\t\t\t<div class=\"elementor-widget-wrap\">\n\t\t\t\t\t\t\t<\/div>\n\t\t<\/div>\n\t\t\t\t<div class=\"elementor-column elementor-col-50 elementor-inner-column elementor-element elementor-element-a01e6e8\" data-id=\"a01e6e8\" data-element_type=\"column\" data-e-type=\"column\">\n\t\t\t<div class=\"elementor-widget-wrap elementor-element-populated\">\n\t\t\t\t\t\t<div class=\"elementor-element elementor-element-fc7323d elementor-widget elementor-widget-image\" data-id=\"fc7323d\" data-element_type=\"widget\" data-e-type=\"widget\" data-widget_type=\"image.default\">\n\t\t\t\t<div class=\"elementor-widget-container\">\n\t\t\t\t\t\t\t\t\t\t\t\t\t\t\t<img fetchpriority=\"high\" decoding=\"async\" width=\"420\" height=\"549\" src=\"https:\/\/mariawalsh.eu\/wp-content\/uploads\/2022\/09\/Maria-Walsh_BabyPhoto.jpg\" class=\"attachment-full size-full wp-image-360\" alt=\"Maria Walsh_BabyPhoto\" srcset=\"https:\/\/mariawalsh.eu\/wp-content\/uploads\/2022\/09\/Maria-Walsh_BabyPhoto.jpg 420w, https:\/\/mariawalsh.eu\/wp-content\/uploads\/2022\/09\/Maria-Walsh_BabyPhoto-230x300.jpg 230w\" sizes=\"(max-width: 420px) 100vw, 420px\" \/>\t\t\t\t\t\t\t\t\t\t\t\t\t\t\t<\/div>\n\t\t\t\t<\/div>\n\t\t\t\t<div class=\"elementor-element elementor-element-744728c elementor-widget elementor-widget-text-editor\" data-id=\"744728c\" data-element_type=\"widget\" data-e-type=\"widget\" data-widget_type=\"text-editor.default\">\n\t\t\t\t<div class=\"elementor-widget-container\">\n\t\t\t\t\t\t\t\t\t<p>Rugadh i mBost\u00fan, Massachusetts m\u00e9. I 1994 bhog m\u00e9 f\u00e9in agus mo thuismitheoir\u00ed, Noreen agus Vincent, chuig sr\u00e1idbhaile Shruthair i gCo. Mhaigh Eo. Bh\u00ed c\u00f3na\u00ed orm ansin le mo thri\u00far sibl\u00edn\u00ed Kevin, Eileen agus Michael. Mhotha\u00edomar an-mhuintearas leis na daoine ansin agus spreagadh luachanna ar n\u00f3s comhoibri\u00fa, cuimsi\u00fa agus meas. I ngan fhios dom, threoraigh na luachanna seo mo chuid oibre.    <\/p>\n\t\t\t\t\t\t\t\t<\/div>\n\t\t\t\t<\/div>\n\t\t\t\t\t<\/div>\n\t\t<\/div>\n\t\t\t\t\t<\/div>\n\t\t<\/section>\n\t\t\t\t<section class=\"elementor-section elementor-inner-section elementor-element elementor-element-911e6bf elementor-section-height-full elementor-section-content-middle bio elementor-section-boxed elementor-section-height-default\" data-id=\"911e6bf\" data-element_type=\"section\" data-e-type=\"section\" id=\"bio-education\" data-settings=\"{&quot;background_background&quot;:&quot;classic&quot;}\">\n\t\t\t\t\t\t<div class=\"elementor-container elementor-column-gap-default\">\n\t\t\t\t\t<div class=\"elementor-column elementor-col-50 elementor-inner-column elementor-element elementor-element-62332b8\" data-id=\"62332b8\" data-element_type=\"column\" data-e-type=\"column\">\n\t\t\t<div class=\"elementor-widget-wrap\">\n\t\t\t\t\t\t\t<\/div>\n\t\t<\/div>\n\t\t\t\t<div class=\"elementor-column elementor-col-50 elementor-inner-column elementor-element elementor-element-ea05683\" data-id=\"ea05683\" data-element_type=\"column\" data-e-type=\"column\">\n\t\t\t<div class=\"elementor-widget-wrap elementor-element-populated\">\n\t\t\t\t\t\t<div class=\"elementor-element elementor-element-51d38fb elementor-widget elementor-widget-image\" data-id=\"51d38fb\" data-element_type=\"widget\" data-e-type=\"widget\" data-widget_type=\"image.default\">\n\t\t\t\t<div class=\"elementor-widget-container\">\n\t\t\t\t\t\t\t\t\t\t\t\t\t\t\t<img decoding=\"async\" width=\"420\" height=\"549\" src=\"https:\/\/mariawalsh.eu\/wp-content\/uploads\/2022\/09\/Maria-Walsh_GradPhoto.jpg\" class=\"attachment-full size-full wp-image-361\" alt=\"Maria Walsh_GradPhoto\" srcset=\"https:\/\/mariawalsh.eu\/wp-content\/uploads\/2022\/09\/Maria-Walsh_GradPhoto.jpg 420w, https:\/\/mariawalsh.eu\/wp-content\/uploads\/2022\/09\/Maria-Walsh_GradPhoto-230x300.jpg 230w\" sizes=\"(max-width: 420px) 100vw, 420px\" \/>\t\t\t\t\t\t\t\t\t\t\t\t\t\t\t<\/div>\n\t\t\t\t<\/div>\n\t\t\t\t<div class=\"elementor-element elementor-element-5dd98dc elementor-widget elementor-widget-text-editor\" data-id=\"5dd98dc\" data-element_type=\"widget\" data-e-type=\"widget\" data-widget_type=\"text-editor.default\">\n\t\t\t\t<div class=\"elementor-widget-container\">\n\t\t\t\t\t\t\t\t\t<p>Thosaigh m\u00e9 m\u2019aistear oideachais le Baitsil\u00e9ir Eala\u00edon san Iriseoireacht agus Me\u00e1n Amhairc \u00f3 Chol\u00e1iste U\u00ed Ghr\u00edofa, Baile \u00c1tha Cliath. Tar \u00e9is dom mo ch\u00e9im a bhaint amach in 2009 chuaigh m\u00e9 ar aghaidh chuig post i l\u00e9iri\u00fa teilif\u00edse agus bainist\u00edocht chruthaitheach agus d\u2019oibrigh m\u00e9 i mBaile \u00c1tha Cliath, i gCathair Nua Eabhrac agus Filideilfia. <\/p>\n\t\t\t\t\t\t\t\t<\/div>\n\t\t\t\t<\/div>\n\t\t\t\t\t<\/div>\n\t\t<\/div>\n\t\t\t\t\t<\/div>\n\t\t<\/section>\n\t\t\t\t<section class=\"elementor-section elementor-inner-section elementor-element elementor-element-8dd5689 elementor-section-height-full elementor-section-content-middle bio elementor-section-boxed elementor-section-height-default\" data-id=\"8dd5689\" data-element_type=\"section\" data-e-type=\"section\" id=\"bio-equality\" data-settings=\"{&quot;background_background&quot;:&quot;classic&quot;}\">\n\t\t\t\t\t\t<div class=\"elementor-container elementor-column-gap-default\">\n\t\t\t\t\t<div class=\"elementor-column elementor-col-50 elementor-inner-column elementor-element elementor-element-05a9742\" data-id=\"05a9742\" data-element_type=\"column\" data-e-type=\"column\">\n\t\t\t<div class=\"elementor-widget-wrap\">\n\t\t\t\t\t\t\t<\/div>\n\t\t<\/div>\n\t\t\t\t<div class=\"elementor-column elementor-col-50 elementor-inner-column elementor-element elementor-element-8f03c40\" data-id=\"8f03c40\" data-element_type=\"column\" data-e-type=\"column\">\n\t\t\t<div class=\"elementor-widget-wrap elementor-element-populated\">\n\t\t\t\t\t\t<div class=\"elementor-element elementor-element-9986002 elementor-widget elementor-widget-image\" data-id=\"9986002\" data-element_type=\"widget\" data-e-type=\"widget\" data-widget_type=\"image.default\">\n\t\t\t\t<div class=\"elementor-widget-container\">\n\t\t\t\t\t\t\t\t\t\t\t\t\t\t\t<img decoding=\"async\" width=\"500\" height=\"350\" src=\"https:\/\/mariawalsh.eu\/wp-content\/uploads\/2022\/09\/maria-walsh-early-life-temp.jpg\" class=\"attachment-full size-full wp-image-359\" alt=\"maria-walsh-early-life-temp\" srcset=\"https:\/\/mariawalsh.eu\/wp-content\/uploads\/2022\/09\/maria-walsh-early-life-temp.jpg 500w, https:\/\/mariawalsh.eu\/wp-content\/uploads\/2022\/09\/maria-walsh-early-life-temp-300x210.jpg 300w\" sizes=\"(max-width: 500px) 100vw, 500px\" \/>\t\t\t\t\t\t\t\t\t\t\t\t\t\t\t<\/div>\n\t\t\t\t<\/div>\n\t\t\t\t<div class=\"elementor-element elementor-element-c89eb5b elementor-widget elementor-widget-text-editor\" data-id=\"c89eb5b\" data-element_type=\"widget\" data-e-type=\"widget\" data-widget_type=\"text-editor.default\">\n\t\t\t\t<div class=\"elementor-widget-container\">\n\t\t\t\t\t\t\t\t\t<p>In 2014, ghlac m\u00e9 p\u00e1irt i bhF\u00e9ile Idirn\u00e1isi\u00fanta R\u00f3s Thr\u00e1 L\u00ed, com\u00f3radh ar mhn\u00e1 \u00f3ga d\u2019oidhreacht \u00c9ireannach ar fud an domhain. Le linn mo r\u00f3l bliana mar ambasad\u00f3ir, d\u2019oibrigh m\u00e9 le roinnt eagra\u00edochta\u00ed agus carthanais ar mhaithe le cult\u00far agus oidhreacht na h\u00c9ireann a chur chun cinn mar aon le teacht ar sheirbh\u00eds\u00ed n\u00edos fearr meabhairshl\u00e1inte.  <\/p>\n<p>Tharraing go leor de na gr\u00fapa\u00ed seo aird ar obair dhaonn\u00fail na h\u00c9ireann sa Tans\u00e1in, i nG\u00e1na, sa Bhealar\u00fais, an India agus san Afraic Theas. Toisc gur ball m\u00e9 den phobal \u2018Rainbow\u2019 t\u00e1 an-suim agam feasacht a ard\u00fa trasna an phobail LADTI+. Labhair m\u00e9 le pobail, gn\u00f3lachta\u00ed agus daoine \u00f3ga ar fud na t\u00edre chun tuiscint a mh\u00e9ad\u00fa agus comhionannas a spreagadh.  <\/p>\n\t\t\t\t\t\t\t\t<\/div>\n\t\t\t\t<\/div>\n\t\t\t\t\t<\/div>\n\t\t<\/div>\n\t\t\t\t\t<\/div>\n\t\t<\/section>\n\t\t\t\t<section class=\"elementor-section elementor-inner-section elementor-element elementor-element-ae56cf7 elementor-section-height-full elementor-section-content-middle bio elementor-section-boxed elementor-section-height-default\" data-id=\"ae56cf7\" data-element_type=\"section\" data-e-type=\"section\" id=\"bio-ireland\" data-settings=\"{&quot;background_background&quot;:&quot;classic&quot;}\">\n\t\t\t\t\t\t<div class=\"elementor-container elementor-column-gap-default\">\n\t\t\t\t\t<div class=\"elementor-column elementor-col-50 elementor-inner-column elementor-element elementor-element-ad7a4db\" data-id=\"ad7a4db\" data-element_type=\"column\" data-e-type=\"column\">\n\t\t\t<div class=\"elementor-widget-wrap\">\n\t\t\t\t\t\t\t<\/div>\n\t\t<\/div>\n\t\t\t\t<div class=\"elementor-column elementor-col-50 elementor-inner-column elementor-element elementor-element-06d11c0\" data-id=\"06d11c0\" data-element_type=\"column\" data-e-type=\"column\">\n\t\t\t<div class=\"elementor-widget-wrap elementor-element-populated\">\n\t\t\t\t\t\t<div class=\"elementor-element elementor-element-bf44d62 elementor-widget elementor-widget-image\" data-id=\"bf44d62\" data-element_type=\"widget\" data-e-type=\"widget\" data-widget_type=\"image.default\">\n\t\t\t\t<div class=\"elementor-widget-container\">\n\t\t\t\t\t\t\t\t\t\t\t\t\t\t\t<img loading=\"lazy\" decoding=\"async\" width=\"500\" height=\"350\" src=\"https:\/\/mariawalsh.eu\/wp-content\/uploads\/2022\/09\/National-Papers-Taoiseach-in-Shrule-Co-Mayo-10352.jpg\" class=\"attachment-full size-full wp-image-362\" alt=\"National Papers Taoiseach in Shrule Co Mayo 10352\" srcset=\"https:\/\/mariawalsh.eu\/wp-content\/uploads\/2022\/09\/National-Papers-Taoiseach-in-Shrule-Co-Mayo-10352.jpg 500w, https:\/\/mariawalsh.eu\/wp-content\/uploads\/2022\/09\/National-Papers-Taoiseach-in-Shrule-Co-Mayo-10352-300x210.jpg 300w\" sizes=\"(max-width: 500px) 100vw, 500px\" \/>\t\t\t\t\t\t\t\t\t\t\t\t\t\t\t<\/div>\n\t\t\t\t<\/div>\n\t\t\t\t<div class=\"elementor-element elementor-element-c73670f elementor-widget elementor-widget-text-editor\" data-id=\"c73670f\" data-element_type=\"widget\" data-e-type=\"widget\" data-widget_type=\"text-editor.default\">\n\t\t\t\t<div class=\"elementor-widget-container\">\n\t\t\t\t\t\t\t\t\t<p>Suas go dt\u00ed I\u00fail 2019, b\u2019on\u00f3ir dom a bheith i mo bhall d\u2019\u00d3glaigh Ch\u00faltaca na h\u00c9ireann sa Ch\u00e9ad Scuadr\u00fan Marcra Arm\u00fartha, lonnaithe sa Churrach i gCo. Chill Dara. De bharr a bheith p\u00e1irteach sna h\u00d3glaigh C\u00faltaca d\u2019\u00e9irigh m\u00e9 muin\u00edneach agus fuair m\u00e9 tuiscint n\u00edos fearr ar obair foirne, agus c\u00e9 n\u00e1r chaith m\u00e9 tr\u00e9imhse r\u00f3fhada mar Ch\u00faltaca\u00ed ba mh\u00f3r an on\u00f3ir dom m&#8217;Oili\u00faint 2 R\u00e9alta a chr\u00edochn\u00fa.  <\/p>\n\t\t\t\t\t\t\t\t<\/div>\n\t\t\t\t<\/div>\n\t\t\t\t\t<\/div>\n\t\t<\/div>\n\t\t\t\t\t<\/div>\n\t\t<\/section>\n\t\t\t\t<section class=\"elementor-section elementor-inner-section elementor-element elementor-element-a711878 elementor-section-height-full elementor-section-content-middle bio elementor-section-boxed elementor-section-height-default\" data-id=\"a711878\" data-element_type=\"section\" data-e-type=\"section\" id=\"bio-europe\" data-settings=\"{&quot;background_background&quot;:&quot;classic&quot;}\">\n\t\t\t\t\t\t<div class=\"elementor-container elementor-column-gap-default\">\n\t\t\t\t\t<div class=\"elementor-column elementor-col-50 elementor-inner-column elementor-element elementor-element-3e32747\" data-id=\"3e32747\" data-element_type=\"column\" data-e-type=\"column\">\n\t\t\t<div class=\"elementor-widget-wrap\">\n\t\t\t\t\t\t\t<\/div>\n\t\t<\/div>\n\t\t\t\t<div class=\"elementor-column elementor-col-50 elementor-inner-column elementor-element elementor-element-acba9e6\" data-id=\"acba9e6\" data-element_type=\"column\" data-e-type=\"column\">\n\t\t\t<div class=\"elementor-widget-wrap elementor-element-populated\">\n\t\t\t\t\t\t<div class=\"elementor-element elementor-element-7c282bd elementor-widget elementor-widget-image\" data-id=\"7c282bd\" data-element_type=\"widget\" data-e-type=\"widget\" data-widget_type=\"image.default\">\n\t\t\t\t<div class=\"elementor-widget-container\">\n\t\t\t\t\t\t\t\t\t\t\t\t\t\t\t<img loading=\"lazy\" decoding=\"async\" width=\"296\" height=\"350\" src=\"https:\/\/mariawalsh.eu\/wp-content\/uploads\/2022\/09\/maria-walsh-europe.jpg\" class=\"attachment-full size-full wp-image-363\" alt=\"maria-walsh-europe\" srcset=\"https:\/\/mariawalsh.eu\/wp-content\/uploads\/2022\/09\/maria-walsh-europe.jpg 296w, https:\/\/mariawalsh.eu\/wp-content\/uploads\/2022\/09\/maria-walsh-europe-254x300.jpg 254w\" sizes=\"(max-width: 296px) 100vw, 296px\" \/>\t\t\t\t\t\t\t\t\t\t\t\t\t\t\t<\/div>\n\t\t\t\t<\/div>\n\t\t\t\t<div class=\"elementor-element elementor-element-48c2093 elementor-widget elementor-widget-text-editor\" data-id=\"48c2093\" data-element_type=\"widget\" data-e-type=\"widget\" data-widget_type=\"text-editor.default\">\n\t\t\t\t<div class=\"elementor-widget-container\">\n\t\t\t\t\t\t\t\t\t<p>In 2019, mar th\u00fas le mo ghairm polait\u00edochta, toghadh m\u00e9 mar Fheisire de chuid Pharlaimint na hEorpa don toghcheantar L\u00e1r T\u00edre agus an Iarthuaiscirt. Is comhalta d\u2019Fhine Gael in \u00c9irinn m\u00e9 agus su\u00edm i nGr\u00fapa Ph\u00e1irt\u00ed an Phobail Eorpaigh. Is l\u00e1nchomhalta m\u00e9 ar an gCoiste um Fhosta\u00edocht agus um Ghn\u00f3tha\u00ed S\u00f3isialta agus ar an gCoiste um Chult\u00far agus um Oideachas agus comhalta ionaid den Choiste um Shaoirs\u00ed Sibhialta, um Cheartas agus um Ghn\u00f3tha\u00ed Baile. Chomh maith leis sin is m\u00e9 ionada\u00ed na h\u00c9ireann ar Ph\u00e1irt\u00ed an Phobail Eorpaigh agus ar an Toscaireacht don Chaidreamh leis na St\u00e1it Aontaithe agus le Gr\u00fapa\u00ed St\u00e1it na hAfraice, Mhuir Chairib agus an Aig\u00e9in Chi\u00fain.   <\/p>\n\t\t\t\t\t\t\t\t<\/div>\n\t\t\t\t<\/div>\n\t\t\t\t\t<\/div>\n\t\t<\/div>\n\t\t\t\t\t<\/div>\n\t\t<\/section>\n\t\t\t\t\t<\/div>\n\t\t<\/div>\n\t\t\t\t\t<\/div>\n\t\t<\/section>\n\t\t\t\t<\/div>\n\t\t","protected":false},"excerpt":{"rendered":"<p>Saol go luath Oideachas Comhionannas \u00c9ireann Eoraip Rugadh i mBost\u00fan, Massachusetts m\u00e9. I 1994 bhog m\u00e9 f\u00e9in agus mo thuismitheoir\u00ed, Noreen agus Vincent, chuig sr\u00e1idbhaile Shruthair i gCo. Mhaigh Eo. Bh\u00ed c\u00f3na\u00ed orm ansin le mo thri\u00far sibl\u00edn\u00ed Kevin, Eileen agus Michael. Mhotha\u00edomar an-mhuintearas leis na daoine ansin agus spreagadh luachanna ar n\u00f3s comhoibri\u00fa, cuimsi\u00fa [&hellip;]<\/p>\n","protected":false},"author":1,"featured_media":0,"parent":0,"menu_order":0,"comment_status":"closed","ping_status":"closed","template":"elementor_header_footer","meta":{"_monsterinsights_skip_tracking":false,"_monsterinsights_sitenote_active":false,"_monsterinsights_sitenote_note":"","_monsterinsights_sitenote_category":0,"footnotes":""},"class_list":["post-392","page","type-page","status-publish","hentry"],"yoast_head":"<!-- This site is optimized with the Yoast SEO plugin v27.2 - https:\/\/yoast.com\/product\/yoast-seo-wordpress\/ -->\n<title>Eolas F\u00famsa | Maria Walsh<\/title>\n<meta name=\"robots\" content=\"index, follow, max-snippet:-1, max-image-preview:large, max-video-preview:-1\" \/>\n<link rel=\"canonical\" href=\"https:\/\/mariawalsh.eu\/ga\/eolas-fumsa\/\" \/>\n<meta property=\"og:locale\" content=\"ga_IE\" \/>\n<meta property=\"og:type\" content=\"article\" \/>\n<meta property=\"og:title\" content=\"Eolas F\u00famsa | Maria Walsh\" \/>\n<meta property=\"og:description\" content=\"Saol go luath Oideachas Comhionannas \u00c9ireann Eoraip Rugadh i mBost\u00fan, Massachusetts m\u00e9. I 1994 bhog m\u00e9 f\u00e9in agus mo thuismitheoir\u00ed, Noreen agus Vincent, chuig sr\u00e1idbhaile Shruthair i gCo. Mhaigh Eo. Bh\u00ed c\u00f3na\u00ed orm ansin le mo thri\u00far sibl\u00edn\u00ed Kevin, Eileen agus Michael. Mhotha\u00edomar an-mhuintearas leis na daoine ansin agus spreagadh luachanna ar n\u00f3s comhoibri\u00fa, cuimsi\u00fa [&hellip;]\" \/>\n<meta property=\"og:url\" content=\"https:\/\/mariawalsh.eu\/ga\/eolas-fumsa\/\" \/>\n<meta property=\"og:site_name\" content=\"Maria Walsh\" \/>\n<meta property=\"article:publisher\" content=\"https:\/\/www.facebook.com\/MariaWalshEU\/\" \/>\n<meta property=\"article:modified_time\" content=\"2025-08-23T17:31:00+00:00\" \/>\n<meta property=\"og:image\" content=\"https:\/\/mariawalsh.eu\/wp-content\/uploads\/2022\/09\/Maria-Walsh_BabyPhoto.jpg\" \/>\n\t<meta property=\"og:image:width\" content=\"420\" \/>\n\t<meta property=\"og:image:height\" content=\"549\" \/>\n\t<meta property=\"og:image:type\" content=\"image\/jpeg\" \/>\n<meta name=\"twitter:card\" content=\"summary_large_image\" \/>\n<meta name=\"twitter:site\" content=\"@MariaWalshEU\" \/>\n<meta name=\"twitter:label1\" content=\"Est. reading time\" \/>\n\t<meta name=\"twitter:data1\" content=\"4 minutes\" \/>\n<script type=\"application\/ld+json\" class=\"yoast-schema-graph\">{\"@context\":\"https:\/\/schema.org\",\"@graph\":[{\"@type\":\"WebPage\",\"@id\":\"https:\/\/mariawalsh.eu\/ga\/eolas-fumsa\/\",\"url\":\"https:\/\/mariawalsh.eu\/ga\/eolas-fumsa\/\",\"name\":\"Eolas F\u00famsa | Maria Walsh\",\"isPartOf\":{\"@id\":\"https:\/\/mariawalsh.eu\/ga\/#website\"},\"primaryImageOfPage\":{\"@id\":\"https:\/\/mariawalsh.eu\/ga\/eolas-fumsa\/#primaryimage\"},\"image\":{\"@id\":\"https:\/\/mariawalsh.eu\/ga\/eolas-fumsa\/#primaryimage\"},\"thumbnailUrl\":\"https:\/\/mariawalsh.eu\/wp-content\/uploads\/2022\/09\/Maria-Walsh_BabyPhoto.jpg\",\"datePublished\":\"2022-05-20T09:37:19+00:00\",\"dateModified\":\"2025-08-23T17:31:00+00:00\",\"breadcrumb\":{\"@id\":\"https:\/\/mariawalsh.eu\/ga\/eolas-fumsa\/#breadcrumb\"},\"inLanguage\":\"ga-IE\",\"potentialAction\":[{\"@type\":\"ReadAction\",\"target\":[\"https:\/\/mariawalsh.eu\/ga\/eolas-fumsa\/\"]}]},{\"@type\":\"ImageObject\",\"inLanguage\":\"ga-IE\",\"@id\":\"https:\/\/mariawalsh.eu\/ga\/eolas-fumsa\/#primaryimage\",\"url\":\"https:\/\/mariawalsh.eu\/wp-content\/uploads\/2022\/09\/Maria-Walsh_BabyPhoto.jpg\",\"contentUrl\":\"https:\/\/mariawalsh.eu\/wp-content\/uploads\/2022\/09\/Maria-Walsh_BabyPhoto.jpg\"},{\"@type\":\"BreadcrumbList\",\"@id\":\"https:\/\/mariawalsh.eu\/ga\/eolas-fumsa\/#breadcrumb\",\"itemListElement\":[{\"@type\":\"ListItem\",\"position\":1,\"name\":\"Home\",\"item\":\"https:\/\/mariawalsh.eu\/ga\/\"},{\"@type\":\"ListItem\",\"position\":2,\"name\":\"Eolas F\u00famsa\"}]},{\"@type\":\"WebSite\",\"@id\":\"https:\/\/mariawalsh.eu\/ga\/#website\",\"url\":\"https:\/\/mariawalsh.eu\/ga\/\",\"name\":\"Maria Walsh MEP\",\"description\":\"\",\"publisher\":{\"@id\":\"https:\/\/mariawalsh.eu\/ga\/#organization\"},\"potentialAction\":[{\"@type\":\"SearchAction\",\"target\":{\"@type\":\"EntryPoint\",\"urlTemplate\":\"https:\/\/mariawalsh.eu\/ga\/?s={search_term_string}\"},\"query-input\":{\"@type\":\"PropertyValueSpecification\",\"valueRequired\":true,\"valueName\":\"search_term_string\"}}],\"inLanguage\":\"ga-IE\"},{\"@type\":\"Organization\",\"@id\":\"https:\/\/mariawalsh.eu\/ga\/#organization\",\"name\":\"Maria Walsh MEP\",\"url\":\"https:\/\/mariawalsh.eu\/ga\/\",\"logo\":{\"@type\":\"ImageObject\",\"inLanguage\":\"ga-IE\",\"@id\":\"https:\/\/mariawalsh.eu\/ga\/#\/schema\/logo\/image\/\",\"url\":\"https:\/\/mariawalsh.eu\/wp-content\/uploads\/2022\/10\/maria-walsh-logo.png\",\"contentUrl\":\"https:\/\/mariawalsh.eu\/wp-content\/uploads\/2022\/10\/maria-walsh-logo.png\",\"width\":185,\"height\":116,\"caption\":\"Maria Walsh MEP\"},\"image\":{\"@id\":\"https:\/\/mariawalsh.eu\/ga\/#\/schema\/logo\/image\/\"},\"sameAs\":[\"https:\/\/www.facebook.com\/MariaWalshEU\/\",\"https:\/\/x.com\/MariaWalshEU\",\"https:\/\/www.instagram.com\/mariawalsheu\/?hl=en\",\"https:\/\/ie.linkedin.com\/in\/mariawalsheu\",\"https:\/\/www.youtube.com\/@mariawalsh23\"]}]}<\/script>\n<!-- \/ Yoast SEO plugin. -->","yoast_head_json":{"title":"Eolas F\u00famsa | Maria Walsh","robots":{"index":"index","follow":"follow","max-snippet":"max-snippet:-1","max-image-preview":"max-image-preview:large","max-video-preview":"max-video-preview:-1"},"canonical":"https:\/\/mariawalsh.eu\/ga\/eolas-fumsa\/","og_locale":"ga_IE","og_type":"article","og_title":"Eolas F\u00famsa | Maria Walsh","og_description":"Saol go luath Oideachas Comhionannas \u00c9ireann Eoraip Rugadh i mBost\u00fan, Massachusetts m\u00e9. I 1994 bhog m\u00e9 f\u00e9in agus mo thuismitheoir\u00ed, Noreen agus Vincent, chuig sr\u00e1idbhaile Shruthair i gCo. Mhaigh Eo. Bh\u00ed c\u00f3na\u00ed orm ansin le mo thri\u00far sibl\u00edn\u00ed Kevin, Eileen agus Michael. Mhotha\u00edomar an-mhuintearas leis na daoine ansin agus spreagadh luachanna ar n\u00f3s comhoibri\u00fa, cuimsi\u00fa [&hellip;]","og_url":"https:\/\/mariawalsh.eu\/ga\/eolas-fumsa\/","og_site_name":"Maria Walsh","article_publisher":"https:\/\/www.facebook.com\/MariaWalshEU\/","article_modified_time":"2025-08-23T17:31:00+00:00","og_image":[{"width":420,"height":549,"url":"https:\/\/mariawalsh.eu\/wp-content\/uploads\/2022\/09\/Maria-Walsh_BabyPhoto.jpg","type":"image\/jpeg"}],"twitter_card":"summary_large_image","twitter_site":"@MariaWalshEU","twitter_misc":{"Est. reading time":"4 minutes"},"schema":{"@context":"https:\/\/schema.org","@graph":[{"@type":"WebPage","@id":"https:\/\/mariawalsh.eu\/ga\/eolas-fumsa\/","url":"https:\/\/mariawalsh.eu\/ga\/eolas-fumsa\/","name":"Eolas F\u00famsa | Maria Walsh","isPartOf":{"@id":"https:\/\/mariawalsh.eu\/ga\/#website"},"primaryImageOfPage":{"@id":"https:\/\/mariawalsh.eu\/ga\/eolas-fumsa\/#primaryimage"},"image":{"@id":"https:\/\/mariawalsh.eu\/ga\/eolas-fumsa\/#primaryimage"},"thumbnailUrl":"https:\/\/mariawalsh.eu\/wp-content\/uploads\/2022\/09\/Maria-Walsh_BabyPhoto.jpg","datePublished":"2022-05-20T09:37:19+00:00","dateModified":"2025-08-23T17:31:00+00:00","breadcrumb":{"@id":"https:\/\/mariawalsh.eu\/ga\/eolas-fumsa\/#breadcrumb"},"inLanguage":"ga-IE","potentialAction":[{"@type":"ReadAction","target":["https:\/\/mariawalsh.eu\/ga\/eolas-fumsa\/"]}]},{"@type":"ImageObject","inLanguage":"ga-IE","@id":"https:\/\/mariawalsh.eu\/ga\/eolas-fumsa\/#primaryimage","url":"https:\/\/mariawalsh.eu\/wp-content\/uploads\/2022\/09\/Maria-Walsh_BabyPhoto.jpg","contentUrl":"https:\/\/mariawalsh.eu\/wp-content\/uploads\/2022\/09\/Maria-Walsh_BabyPhoto.jpg"},{"@type":"BreadcrumbList","@id":"https:\/\/mariawalsh.eu\/ga\/eolas-fumsa\/#breadcrumb","itemListElement":[{"@type":"ListItem","position":1,"name":"Home","item":"https:\/\/mariawalsh.eu\/ga\/"},{"@type":"ListItem","position":2,"name":"Eolas F\u00famsa"}]},{"@type":"WebSite","@id":"https:\/\/mariawalsh.eu\/ga\/#website","url":"https:\/\/mariawalsh.eu\/ga\/","name":"Maria Walsh MEP","description":"","publisher":{"@id":"https:\/\/mariawalsh.eu\/ga\/#organization"},"potentialAction":[{"@type":"SearchAction","target":{"@type":"EntryPoint","urlTemplate":"https:\/\/mariawalsh.eu\/ga\/?s={search_term_string}"},"query-input":{"@type":"PropertyValueSpecification","valueRequired":true,"valueName":"search_term_string"}}],"inLanguage":"ga-IE"},{"@type":"Organization","@id":"https:\/\/mariawalsh.eu\/ga\/#organization","name":"Maria Walsh MEP","url":"https:\/\/mariawalsh.eu\/ga\/","logo":{"@type":"ImageObject","inLanguage":"ga-IE","@id":"https:\/\/mariawalsh.eu\/ga\/#\/schema\/logo\/image\/","url":"https:\/\/mariawalsh.eu\/wp-content\/uploads\/2022\/10\/maria-walsh-logo.png","contentUrl":"https:\/\/mariawalsh.eu\/wp-content\/uploads\/2022\/10\/maria-walsh-logo.png","width":185,"height":116,"caption":"Maria Walsh MEP"},"image":{"@id":"https:\/\/mariawalsh.eu\/ga\/#\/schema\/logo\/image\/"},"sameAs":["https:\/\/www.facebook.com\/MariaWalshEU\/","https:\/\/x.com\/MariaWalshEU","https:\/\/www.instagram.com\/mariawalsheu\/?hl=en","https:\/\/ie.linkedin.com\/in\/mariawalsheu","https:\/\/www.youtube.com\/@mariawalsh23"]}]}},"_links":{"self":[{"href":"https:\/\/mariawalsh.eu\/ga\/wp-json\/wp\/v2\/pages\/392","targetHints":{"allow":["GET"]}}],"collection":[{"href":"https:\/\/mariawalsh.eu\/ga\/wp-json\/wp\/v2\/pages"}],"about":[{"href":"https:\/\/mariawalsh.eu\/ga\/wp-json\/wp\/v2\/types\/page"}],"author":[{"embeddable":true,"href":"https:\/\/mariawalsh.eu\/ga\/wp-json\/wp\/v2\/users\/1"}],"replies":[{"embeddable":true,"href":"https:\/\/mariawalsh.eu\/ga\/wp-json\/wp\/v2\/comments?post=392"}],"version-history":[{"count":3,"href":"https:\/\/mariawalsh.eu\/ga\/wp-json\/wp\/v2\/pages\/392\/revisions"}],"predecessor-version":[{"id":2633,"href":"https:\/\/mariawalsh.eu\/ga\/wp-json\/wp\/v2\/pages\/392\/revisions\/2633"}],"wp:attachment":[{"href":"https:\/\/mariawalsh.eu\/ga\/wp-json\/wp\/v2\/media?parent=392"}],"curies":[{"name":"wp","href":"https:\/\/api.w.org\/{rel}","templated":true}]}}